{"id":2566,"date":"2020-05-06T11:45:44","date_gmt":"2020-05-06T09:45:44","guid":{"rendered":"https:\/\/www.apartments-villach.at\/?page_id=2566"},"modified":"2020-08-19T08:48:17","modified_gmt":"2020-08-19T06:48:17","slug":"aktuelle-specials","status":"publish","type":"page","link":"http:\/\/www.apartments-villach.at\/it\/aktuelle-specials\/","title":{"rendered":"Aktuelle specials"},"content":{"rendered":"<p>[et_pb_section fb_built=&#8220;1&#8243; custom_padding_last_edited=&#8220;on|phone&#8220; disabled_on=&#8220;off|off|off&#8220; _builder_version=&#8220;4.4.3&#8243; custom_padding=&#8220;||2px|||&#8220; custom_padding_tablet=&#8220;&#8220; custom_padding_phone=&#8220;||10px||false|false&#8220; locked=&#8220;off&#8220;][et_pb_row _builder_version=&#8220;4.4.3&#8243;][et_pb_column type=&#8220;4_4&#8243; _builder_version=&#8220;4.4.3&#8243;][et_pb_text module_class=&#8220;wa-simplonMono&#8220; _builder_version=&#8220;4.4.3&#8243; header_font=&#8220;|700|||||||&#8220; header_text_align=&#8220;center&#8220; header_font_size=&#8220;100px&#8220; header_line_height=&#8220;65px&#8220; header_font_size_tablet=&#8220;&#8220; header_font_size_phone=&#8220;50px&#8220; header_font_size_last_edited=&#8220;on|phone&#8220; header_line_height_tablet=&#8220;&#8220; header_line_height_phone=&#8220;&#8220; header_line_height_last_edited=&#8220;on|phone&#8220;]<\/p>\n<h1 class=\"wa-hero-title\">Aktuelle<span><br \/>SPECIALS<\/span><\/h1>\n<p>[\/et_pb_text][et_pb_text module_class=&#8220;wa-simplonMono&#8220; _builder_version=&#8220;4.4.3&#8243; text_font=&#8220;|||on|||||&#8220; text_font_size=&#8220;18px&#8220; text_letter_spacing=&#8220;3.6px&#8220; text_line_height=&#8220;25px&#8220; text_orientation=&#8220;center&#8220; custom_margin=&#8220;||7px|||&#8220; locked=&#8220;off&#8220;]<\/p>\n<p>F\u00dcR UNSERE APARTMENTS<br \/>IN VILLACH<\/p>\n<p>[\/et_pb_text][\/et_pb_column][\/et_pb_row][\/et_pb_section][et_pb_section fb_built=&#8220;1&#8243; _builder_version=&#8220;4.4.3&#8243; custom_padding=&#8220;120px||52px|||&#8220; locked=&#8220;off&#8220;][et_pb_row column_structure=&#8220;1_2,1_2&#8243; make_equal=&#8220;on&#8220; module_class=&#8220;wa-vertical-center-section&#8220; _builder_version=&#8220;4.4.3&#8243; width=&#8220;82%&#8220; width_tablet=&#8220;95%&#8220; width_phone=&#8220;&#8220; width_last_edited=&#8220;on|tablet&#8220; module_alignment=&#8220;center&#8220; custom_margin=&#8220;||||false|false&#8220;][et_pb_column type=&#8220;1_2&#8243; _builder_version=&#8220;4.4.3&#8243; animation_style=&#8220;slide&#8220; animation_direction=&#8220;left&#8220; animation_duration=&#8220;1500ms&#8220;][et_pb_image src=&#8220;https:\/\/www.apartments-villach.at\/wp-content\/uploads\/2020\/04\/LUCKY-BIG.png&#8220; align=&#8220;center&#8220; _builder_version=&#8220;4.4.3&#8243; animation_style=&#8220;slide&#8220; animation_direction=&#8220;left&#8220;][\/et_pb_image][\/et_pb_column][et_pb_column type=&#8220;1_2&#8243; _builder_version=&#8220;4.4.3&#8243; animation_style=&#8220;slide&#8220; animation_direction=&#8220;right&#8220; animation_duration=&#8220;1500ms&#8220;][et_pb_text _builder_version=&#8220;4.4.3&#8243; text_font=&#8220;|700||on|||||&#8220; text_font_size=&#8220;18px&#8220; text_letter_spacing=&#8220;3.6px&#8220; text_line_height=&#8220;25px&#8220; header_3_font=&#8220;|700||on|||||&#8220; header_3_text_align=&#8220;left&#8220; header_3_font_size=&#8220;18px&#8220; header_3_letter_spacing=&#8220;3.6px&#8220; header_3_line_height=&#8220;30px&#8220; width=&#8220;100%&#8220; width_tablet=&#8220;100%&#8220; width_phone=&#8220;&#8220; width_last_edited=&#8220;on|desktop&#8220; module_alignment=&#8220;center&#8220; custom_margin_tablet=&#8220;&#8220; custom_margin_phone=&#8220;45px||||false|false&#8220; custom_margin_last_edited=&#8220;on|phone&#8220; animation_direction=&#8220;right&#8220;]<\/p>\n<h3>FR\u00dcHLINGSERWACHEN AM FAAKER SEE.<br \/>ERLEBNISURLAUB IM SONNIGEN S\u00dcDEN<\/h3>\n<p>[\/et_pb_text][et_pb_text _builder_version=&#8220;4.4.3&#8243; text_font_size=&#8220;17px&#8220; text_line_height=&#8220;28px&#8220; width=&#8220;65%&#8220; width_tablet=&#8220;100%&#8220; width_phone=&#8220;&#8220; width_last_edited=&#8220;on|desktop&#8220; module_alignment=&#8220;left&#8220; animation_direction=&#8220;right&#8220;]<\/p>\n<p>Lassen Sie sich dieses einzigartige Ambiente nicht entgehen und buchen Sie unser limitiertes Megaschn\u00e4ppchen zu Saisonbeginn: 4 \u00dcbernachtungen<\/p>\n<p>[\/et_pb_text][et_pb_text _builder_version=&#8220;4.4.3&#8243; text_font_size=&#8220;40px&#8220; text_line_height=&#8220;36px&#8220; custom_margin=&#8220;||60px|||&#8220; animation_direction=&#8220;right&#8220;]<\/p>\n<p><span class=\"wa-ab wa-simplonMono\">AB<\/span>\u20ac 384,-<\/p>\n<p>[\/et_pb_text][et_pb_button button_text=&#8220;DETAILS &#038; ANFRAGEN&#8220; button_alignment=&#8220;left&#8220; module_class=&#8220;wa-simplonMono&#8220; _builder_version=&#8220;4.4.3&#8243; custom_button=&#8220;on&#8220; button_text_size=&#8220;14px&#8220; button_text_color=&#8220;#000000&#8243; button_bg_color=&#8220;rgba(0,0,0,0)&#8220; button_border_width=&#8220;1px&#8220; button_border_color=&#8220;#000000&#8243; button_border_radius=&#8220;32px&#8220; button_letter_spacing=&#8220;2px&#8220; button_use_icon=&#8220;off&#8220; custom_padding=&#8220;18px|25px|15px|25px|false|true&#8220; animation_direction=&#8220;right&#8220; button_bg_color__hover_enabled=&#8220;on|hover&#8220; button_bg_color__hover=&#8220;#000000&#8243; button_bg_enable_color__hover=&#8220;on&#8220; button_text_color__hover_enabled=&#8220;on|hover&#8220; button_text_color__hover=&#8220;#ffffff&#8220;][\/et_pb_button][\/et_pb_column][\/et_pb_row][\/et_pb_section][et_pb_section fb_built=&#8220;1&#8243; _builder_version=&#8220;4.4.3&#8243; custom_padding=&#8220;1px|||||&#8220; locked=&#8220;off&#8220;][et_pb_row column_structure=&#8220;1_2,1_2&#8243; make_equal=&#8220;on&#8220; module_class=&#8220;wa-vertical-center-section&#8220; _builder_version=&#8220;4.4.3&#8243; width=&#8220;82%&#8220; width_tablet=&#8220;95%&#8220; width_phone=&#8220;&#8220; width_last_edited=&#8220;on|tablet&#8220; module_alignment=&#8220;center&#8220; custom_margin=&#8220;||||false|false&#8220; custom_padding=&#8220;116px|||||&#8220; border_width_top=&#8220;1px&#8220;][et_pb_column type=&#8220;1_2&#8243; _builder_version=&#8220;4.4.3&#8243; animation_style=&#8220;slide&#8220; animation_direction=&#8220;left&#8220; animation_duration=&#8220;1500ms&#8220;][et_pb_image src=&#8220;https:\/\/www.apartments-villach.at\/wp-content\/uploads\/2020\/05\/716626.jpg&#8220; align=&#8220;center&#8220; _builder_version=&#8220;4.4.3&#8243; animation_style=&#8220;slide&#8220; animation_direction=&#8220;left&#8220;][\/et_pb_image][\/et_pb_column][et_pb_column type=&#8220;1_2&#8243; _builder_version=&#8220;4.4.3&#8243; animation_style=&#8220;slide&#8220; animation_direction=&#8220;right&#8220; animation_duration=&#8220;1500ms&#8220;][et_pb_text _builder_version=&#8220;4.4.3&#8243; text_font=&#8220;|700||on|||||&#8220; text_font_size=&#8220;18px&#8220; text_letter_spacing=&#8220;3.6px&#8220; text_line_height=&#8220;25px&#8220; header_3_font=&#8220;|700||on|||||&#8220; header_3_text_align=&#8220;left&#8220; header_3_font_size=&#8220;18px&#8220; header_3_letter_spacing=&#8220;3.6px&#8220; header_3_line_height=&#8220;30px&#8220; width=&#8220;100%&#8220; width_tablet=&#8220;100%&#8220; width_phone=&#8220;&#8220; width_last_edited=&#8220;on|desktop&#8220; module_alignment=&#8220;center&#8220; custom_margin_tablet=&#8220;&#8220; custom_margin_phone=&#8220;45px||||false|false&#8220; custom_margin_last_edited=&#8220;on|phone&#8220; animation_direction=&#8220;right&#8220;]<\/p>\n<h3>FR\u00dcHLINGSERWACHEN AM FAAKER SEE.<br \/>ERLEBNISURLAUB IM SONNIGEN S\u00dcDEN<\/h3>\n<p>[\/et_pb_text][et_pb_text _builder_version=&#8220;4.4.3&#8243; text_font_size=&#8220;17px&#8220; text_line_height=&#8220;28px&#8220; width=&#8220;65%&#8220; width_tablet=&#8220;100%&#8220; width_phone=&#8220;&#8220; width_last_edited=&#8220;on|desktop&#8220; module_alignment=&#8220;left&#8220; animation_direction=&#8220;right&#8220;]<\/p>\n<p>Lassen Sie sich dieses einzigartige Ambiente nicht entgehen und buchen Sie unser limitiertes Megaschn\u00e4ppchen zu Saisonbeginn: 4 \u00dcbernachtungen<\/p>\n<p>[\/et_pb_text][et_pb_text _builder_version=&#8220;4.4.3&#8243; text_font_size=&#8220;40px&#8220; text_line_height=&#8220;36px&#8220; custom_margin=&#8220;||60px|||&#8220; animation_direction=&#8220;right&#8220;]<\/p>\n<p><span class=\"wa-ab wa-simplonMono\">AB<\/span>\u20ac 384,-<\/p>\n<p>[\/et_pb_text][et_pb_button button_text=&#8220;DETAILS &#038; ANFRAGEN&#8220; button_alignment=&#8220;left&#8220; module_class=&#8220;wa-simplonMono&#8220; _builder_version=&#8220;4.4.3&#8243; custom_button=&#8220;on&#8220; button_text_size=&#8220;14px&#8220; button_text_color=&#8220;#000000&#8243; button_bg_color=&#8220;rgba(0,0,0,0)&#8220; button_border_width=&#8220;1px&#8220; button_border_color=&#8220;#000000&#8243; button_border_radius=&#8220;32px&#8220; button_letter_spacing=&#8220;2px&#8220; button_use_icon=&#8220;off&#8220; custom_padding=&#8220;18px|25px|15px|25px|false|true&#8220; animation_direction=&#8220;right&#8220; button_bg_color__hover_enabled=&#8220;on|hover&#8220; button_bg_color__hover=&#8220;#000000&#8243; button_bg_enable_color__hover=&#8220;on&#8220; button_text_color__hover_enabled=&#8220;on|hover&#8220; button_text_color__hover=&#8220;#ffffff&#8220;][\/et_pb_button][\/et_pb_column][\/et_pb_row][\/et_pb_section][et_pb_section fb_built=&#8220;1&#8243; _builder_version=&#8220;4.4.3&#8243; custom_padding=&#8220;0px||0px|||&#8220; locked=&#8220;off&#8220;][et_pb_row column_structure=&#8220;1_2,1_2&#8243; make_equal=&#8220;on&#8220; module_class=&#8220;wa-vertical-center-section&#8220; _builder_version=&#8220;4.4.3&#8243; width=&#8220;82%&#8220; width_tablet=&#8220;95%&#8220; width_phone=&#8220;&#8220; width_last_edited=&#8220;on|tablet&#8220; module_alignment=&#8220;center&#8220; custom_margin=&#8220;||||false|false&#8220; custom_padding=&#8220;114px||117px|||&#8220; border_width_top=&#8220;1px&#8220;][et_pb_column type=&#8220;1_2&#8243; _builder_version=&#8220;4.4.3&#8243; animation_style=&#8220;slide&#8220; animation_direction=&#8220;left&#8220; animation_duration=&#8220;1500ms&#8220;][et_pb_image src=&#8220;https:\/\/www.apartments-villach.at\/wp-content\/uploads\/2020\/05\/shutterstock_771131545-2.jpg&#8220; align=&#8220;center&#8220; _builder_version=&#8220;4.4.3&#8243; animation_style=&#8220;slide&#8220; animation_direction=&#8220;left&#8220;][\/et_pb_image][\/et_pb_column][et_pb_column type=&#8220;1_2&#8243; _builder_version=&#8220;4.4.3&#8243; animation_style=&#8220;slide&#8220; animation_direction=&#8220;right&#8220; animation_duration=&#8220;1500ms&#8220;][et_pb_text _builder_version=&#8220;4.4.3&#8243; text_font=&#8220;|700||on|||||&#8220; text_font_size=&#8220;18px&#8220; text_letter_spacing=&#8220;3.6px&#8220; text_line_height=&#8220;25px&#8220; header_3_font=&#8220;|700||on|||||&#8220; header_3_text_align=&#8220;left&#8220; header_3_font_size=&#8220;18px&#8220; header_3_letter_spacing=&#8220;3.6px&#8220; header_3_line_height=&#8220;30px&#8220; width=&#8220;100%&#8220; width_tablet=&#8220;100%&#8220; width_phone=&#8220;&#8220; width_last_edited=&#8220;on|desktop&#8220; module_alignment=&#8220;center&#8220; custom_margin_tablet=&#8220;&#8220; custom_margin_phone=&#8220;45px||||false|false&#8220; custom_margin_last_edited=&#8220;on|phone&#8220; animation_direction=&#8220;right&#8220;]<\/p>\n<h3>FR\u00dcHLINGSERWACHEN AM FAAKER SEE.<br \/>ERLEBNISURLAUB IM SONNIGEN S\u00dcDEN<\/h3>\n<p>[\/et_pb_text][et_pb_text _builder_version=&#8220;4.4.3&#8243; text_font_size=&#8220;17px&#8220; text_line_height=&#8220;28px&#8220; width=&#8220;65%&#8220; width_tablet=&#8220;100%&#8220; width_phone=&#8220;&#8220; width_last_edited=&#8220;on|desktop&#8220; module_alignment=&#8220;left&#8220; animation_direction=&#8220;right&#8220;]<\/p>\n<p>Lassen Sie sich dieses einzigartige Ambiente nicht entgehen und buchen Sie unser limitiertes Megaschn\u00e4ppchen zu Saisonbeginn: 4 \u00dcbernachtungen<\/p>\n<p>[\/et_pb_text][et_pb_text _builder_version=&#8220;4.4.3&#8243; text_font_size=&#8220;40px&#8220; text_line_height=&#8220;36px&#8220; custom_margin=&#8220;||60px|||&#8220; animation_direction=&#8220;right&#8220;]<\/p>\n<p><span class=\"wa-ab wa-simplonMono\">AB<\/span>\u20ac 384,-<\/p>\n<p>[\/et_pb_text][et_pb_button button_text=&#8220;DETAILS &#038; ANFRAGEN&#8220; button_alignment=&#8220;left&#8220; module_class=&#8220;wa-simplonMono&#8220; _builder_version=&#8220;4.4.3&#8243; custom_button=&#8220;on&#8220; button_text_size=&#8220;14px&#8220; button_text_color=&#8220;#000000&#8243; button_bg_color=&#8220;rgba(0,0,0,0)&#8220; button_border_width=&#8220;1px&#8220; button_border_color=&#8220;#000000&#8243; button_border_radius=&#8220;32px&#8220; button_letter_spacing=&#8220;2px&#8220; button_use_icon=&#8220;off&#8220; custom_padding=&#8220;18px|25px|15px|25px|false|true&#8220; animation_direction=&#8220;right&#8220; button_bg_color__hover_enabled=&#8220;on|hover&#8220; button_bg_color__hover=&#8220;#000000&#8243; button_bg_enable_color__hover=&#8220;on&#8220; button_text_color__hover_enabled=&#8220;on|hover&#8220; button_text_color__hover=&#8220;#ffffff&#8220;][\/et_pb_button][\/et_pb_column][\/et_pb_row][\/et_pb_section][et_pb_section fb_built=&#8220;1&#8243; _builder_version=&#8220;4.4.3&#8243; background_color=&#8220;#d5d7d4&#8243; custom_margin=&#8220;100px|||||&#8220; custom_padding=&#8220;||||false|false&#8220; border_width_top=&#8220;1px&#8220; global_module=&#8220;1486&#8243;][et_pb_row module_class=&#8220;wa-footer-newsletter-section&#8220; _builder_version=&#8220;4.4.3&#8243; background_size=&#8220;initial&#8220; background_position=&#8220;top_left&#8220; background_repeat=&#8220;repeat&#8220; module_alignment=&#8220;center&#8220; animation_style=&#8220;slide&#8220; animation_duration=&#8220;1500ms&#8220;][et_pb_column type=&#8220;4_4&#8243; _builder_version=&#8220;4.4.3&#8243;][et_pb_text _builder_version=&#8220;4.4.3&#8243; text_font=&#8220;|||on|||||&#8220; text_text_color=&#8220;#000000&#8243; text_font_size=&#8220;13px&#8220; text_letter_spacing=&#8220;1.86px&#8220; text_line_height=&#8220;19px&#8220; header_text_color=&#8220;#000000&#8243; header_font_size=&#8220;50px&#8220; header_2_font=&#8220;|700|||||||&#8220; header_2_text_color=&#8220;#000000&#8243; header_2_font_size=&#8220;50px&#8220;]<\/p>\n<h2>Newsletter<\/h2>\n<p>MELDE DICH BEI UNSEREM NEWSLETTER AN UM IMMER \u00dcBER AKTUELLE NEWS UND ANGEBOTE INFORMIERT ZU BLEIBEN<\/p>\n<p>[\/et_pb_text][et_pb_code _builder_version=&#8220;4.4.3&#8243;]<script id=\"n2g_script\">!function(e,t,n,c,r,a,i){e.Newsletter2GoTrackingObject=r,e[r]=e[r]||function(){(e[r].q=e[r].q||[]).push(arguments)},e[r].l=1*new Date,a=t.createElement(n),i=t.getElementsByTagName(n)[0],a.async=1,a.src=c,i.parentNode.insertBefore(a,i)}(window,document,\"script\",\"https:\/\/static.newsletter2go.com\/utils.js\",\"n2g\");var config = {\"container\": {\"type\": \"div\",\"class\": \"\",\"style\": \"\"},\"row\": {\"type\": \"div\",\"class\": \"\",\"style\": \"margin-top: 15px;\"},\"columnLeft\": {\"type\": \"div\",\"class\": \"\",\"style\": \"\"},\"columnRight\": {\"type\": \"div\",\"class\": \"\",\"style\": \"\"},\"label\": {\"type\": \"label\",\"class\": \"\",\"style\": \"\"}};n2g('create', 'ut1m3fer-k96mt4nb-igs');n2g('subscribe:createForm', config);<\/script>[\/et_pb_code][\/et_pb_column][\/et_pb_row][\/et_pb_section]<\/p>\n","protected":false},"excerpt":{"rendered":"<p>AktuelleSPECIALSF\u00dcR UNSERE APARTMENTSIN VILLACHFR\u00dcHLINGSERWACHEN AM FAAKER SEE.ERLEBNISURLAUB IM SONNIGEN S\u00dcDENLassen Sie sich dieses einzigartige Ambiente nicht entgehen und buchen Sie unser limitiertes Megaschn\u00e4ppchen zu Saisonbeginn: 4 \u00dcbernachtungenAB\u20ac 384,-FR\u00dcHLINGSERWACHEN AM FAAKER SEE.ERLEBNISURLAUB IM SONNIGEN S\u00dcDENLassen Sie sich dieses einzigartige Ambiente nicht entgehen und buchen Sie unser limitiertes Megaschn\u00e4ppchen zu Saisonbeginn: 4 \u00dcbernachtungenAB\u20ac 384,-FR\u00dcHLINGSERWACHEN AM FAAKER SEE.ERLEBNISURLAUB [&hellip;]<\/p>\n","protected":false},"author":1,"featured_media":0,"parent":0,"menu_order":0,"comment_status":"closed","ping_status":"closed","template":"","meta":{"_et_pb_use_builder":"on","_et_pb_old_content":"","_et_gb_content_width":"","footnotes":""},"class_list":["post-2566","page","type-page","status-publish","hentry"],"yoast_head":"<!-- This site is optimized with the Yoast SEO plugin v27.4 - https:\/\/yoast.com\/product\/yoast-seo-wordpress\/ -->\n<title>Aktuelle specials - Apartments Villach - Apart of me Villach - Pauschalangebote<\/title>\n<meta name=\"description\" content=\"Hier finden Sie akutelle Specials unserer Apartments Villach. Von Pauschalangeboten bis hin zu Superschn\u00e4ppchen ist f\u00fcr jeden etwas dabei.\" \/>\n<meta name=\"robots\" content=\"index, follow, max-snippet:-1, max-image-preview:large, max-video-preview:-1\" \/>\n<link rel=\"canonical\" href=\"https:\/\/www.apartments-villach.at\/it\/aktuelle-specials\/\" \/>\n<meta property=\"og:locale\" content=\"it_IT\" \/>\n<meta property=\"og:type\" content=\"article\" \/>\n<meta property=\"og:title\" content=\"Aktuelle specials - Apartments Villach - Apart of me Villach - Pauschalangebote\" \/>\n<meta property=\"og:description\" content=\"Hier finden Sie akutelle Specials unserer Apartments Villach. Von Pauschalangeboten bis hin zu Superschn\u00e4ppchen ist f\u00fcr jeden etwas dabei.\" \/>\n<meta property=\"og:url\" content=\"https:\/\/www.apartments-villach.at\/it\/aktuelle-specials\/\" \/>\n<meta property=\"og:site_name\" content=\"Apartments Villach - Apart of me Villach\" \/>\n<meta property=\"article:modified_time\" content=\"2020-08-19T06:48:17+00:00\" \/>\n<meta name=\"twitter:card\" content=\"summary_large_image\" \/>\n<meta name=\"twitter:label1\" content=\"Est. reading time\" \/>\n\t<meta name=\"twitter:data1\" content=\"7 minutes\" \/>\n<script type=\"application\/ld+json\" class=\"yoast-schema-graph\">{\"@context\":\"https:\\\/\\\/schema.org\",\"@graph\":[{\"@type\":\"WebPage\",\"@id\":\"https:\\\/\\\/www.apartments-villach.at\\\/aktuelle-specials\\\/\",\"url\":\"https:\\\/\\\/www.apartments-villach.at\\\/aktuelle-specials\\\/\",\"name\":\"Aktuelle specials - Apartments Villach - Apart of me Villach - Pauschalangebote\",\"isPartOf\":{\"@id\":\"https:\\\/\\\/www.apartments-villach.at\\\/en\\\/#website\"},\"datePublished\":\"2020-05-06T09:45:44+00:00\",\"dateModified\":\"2020-08-19T06:48:17+00:00\",\"description\":\"Hier finden Sie akutelle Specials unserer Apartments Villach. Von Pauschalangeboten bis hin zu Superschn\u00e4ppchen ist f\u00fcr jeden etwas dabei.\",\"breadcrumb\":{\"@id\":\"https:\\\/\\\/www.apartments-villach.at\\\/aktuelle-specials\\\/#breadcrumb\"},\"inLanguage\":\"it-IT\",\"potentialAction\":[{\"@type\":\"ReadAction\",\"target\":[\"https:\\\/\\\/www.apartments-villach.at\\\/aktuelle-specials\\\/\"]}]},{\"@type\":\"BreadcrumbList\",\"@id\":\"https:\\\/\\\/www.apartments-villach.at\\\/aktuelle-specials\\\/#breadcrumb\",\"itemListElement\":[{\"@type\":\"ListItem\",\"position\":1,\"name\":\"Startseite\",\"item\":\"https:\\\/\\\/www.apartments-villach.at\\\/en\\\/\"},{\"@type\":\"ListItem\",\"position\":2,\"name\":\"Aktuelle specials\"}]},{\"@type\":\"WebSite\",\"@id\":\"https:\\\/\\\/www.apartments-villach.at\\\/en\\\/#website\",\"url\":\"https:\\\/\\\/www.apartments-villach.at\\\/en\\\/\",\"name\":\"Apartments Villach - Apart of me Villach\",\"description\":\"Ihre Wohlf\u00fchloase in Villach\",\"publisher\":{\"@id\":\"https:\\\/\\\/www.apartments-villach.at\\\/en\\\/#organization\"},\"potentialAction\":[{\"@type\":\"SearchAction\",\"target\":{\"@type\":\"EntryPoint\",\"urlTemplate\":\"https:\\\/\\\/www.apartments-villach.at\\\/en\\\/?s={search_term_string}\"},\"query-input\":{\"@type\":\"PropertyValueSpecification\",\"valueRequired\":true,\"valueName\":\"search_term_string\"}}],\"inLanguage\":\"it-IT\"},{\"@type\":\"Organization\",\"@id\":\"https:\\\/\\\/www.apartments-villach.at\\\/en\\\/#organization\",\"name\":\"Apartments Villach\",\"url\":\"https:\\\/\\\/www.apartments-villach.at\\\/en\\\/\",\"logo\":{\"@type\":\"ImageObject\",\"inLanguage\":\"it-IT\",\"@id\":\"https:\\\/\\\/www.apartments-villach.at\\\/en\\\/#\\\/schema\\\/logo\\\/image\\\/\",\"url\":\"\",\"contentUrl\":\"\",\"caption\":\"Apartments Villach\"},\"image\":{\"@id\":\"https:\\\/\\\/www.apartments-villach.at\\\/en\\\/#\\\/schema\\\/logo\\\/image\\\/\"}}]}<\/script>\n<!-- \/ Yoast SEO plugin. -->","yoast_head_json":{"title":"Aktuelle specials - Apartments Villach - Apart of me Villach - Pauschalangebote","description":"Hier finden Sie akutelle Specials unserer Apartments Villach. Von Pauschalangeboten bis hin zu Superschn\u00e4ppchen ist f\u00fcr jeden etwas dabei.","robots":{"index":"index","follow":"follow","max-snippet":"max-snippet:-1","max-image-preview":"max-image-preview:large","max-video-preview":"max-video-preview:-1"},"canonical":"https:\/\/www.apartments-villach.at\/it\/aktuelle-specials\/","og_locale":"it_IT","og_type":"article","og_title":"Aktuelle specials - Apartments Villach - Apart of me Villach - Pauschalangebote","og_description":"Hier finden Sie akutelle Specials unserer Apartments Villach. Von Pauschalangeboten bis hin zu Superschn\u00e4ppchen ist f\u00fcr jeden etwas dabei.","og_url":"https:\/\/www.apartments-villach.at\/it\/aktuelle-specials\/","og_site_name":"Apartments Villach - Apart of me Villach","article_modified_time":"2020-08-19T06:48:17+00:00","twitter_card":"summary_large_image","twitter_misc":{"Est. reading time":"7 minutes"},"schema":{"@context":"https:\/\/schema.org","@graph":[{"@type":"WebPage","@id":"https:\/\/www.apartments-villach.at\/aktuelle-specials\/","url":"https:\/\/www.apartments-villach.at\/aktuelle-specials\/","name":"Aktuelle specials - Apartments Villach - Apart of me Villach - Pauschalangebote","isPartOf":{"@id":"https:\/\/www.apartments-villach.at\/en\/#website"},"datePublished":"2020-05-06T09:45:44+00:00","dateModified":"2020-08-19T06:48:17+00:00","description":"Hier finden Sie akutelle Specials unserer Apartments Villach. Von Pauschalangeboten bis hin zu Superschn\u00e4ppchen ist f\u00fcr jeden etwas dabei.","breadcrumb":{"@id":"https:\/\/www.apartments-villach.at\/aktuelle-specials\/#breadcrumb"},"inLanguage":"it-IT","potentialAction":[{"@type":"ReadAction","target":["https:\/\/www.apartments-villach.at\/aktuelle-specials\/"]}]},{"@type":"BreadcrumbList","@id":"https:\/\/www.apartments-villach.at\/aktuelle-specials\/#breadcrumb","itemListElement":[{"@type":"ListItem","position":1,"name":"Startseite","item":"https:\/\/www.apartments-villach.at\/en\/"},{"@type":"ListItem","position":2,"name":"Aktuelle specials"}]},{"@type":"WebSite","@id":"https:\/\/www.apartments-villach.at\/en\/#website","url":"https:\/\/www.apartments-villach.at\/en\/","name":"Appartamenti Villach - Apart of me Villach","description":"La vostra oasi di benessere a Villach","publisher":{"@id":"https:\/\/www.apartments-villach.at\/en\/#organization"},"potentialAction":[{"@type":"SearchAction","target":{"@type":"EntryPoint","urlTemplate":"https:\/\/www.apartments-villach.at\/en\/?s={search_term_string}"},"query-input":{"@type":"PropertyValueSpecification","valueRequired":true,"valueName":"search_term_string"}}],"inLanguage":"it-IT"},{"@type":"Organization","@id":"https:\/\/www.apartments-villach.at\/en\/#organization","name":"Appartamenti Villach","url":"https:\/\/www.apartments-villach.at\/en\/","logo":{"@type":"ImageObject","inLanguage":"it-IT","@id":"https:\/\/www.apartments-villach.at\/en\/#\/schema\/logo\/image\/","url":"","contentUrl":"","caption":"Apartments Villach"},"image":{"@id":"https:\/\/www.apartments-villach.at\/en\/#\/schema\/logo\/image\/"}}]}},"_links":{"self":[{"href":"http:\/\/www.apartments-villach.at\/it\/wp-json\/wp\/v2\/pages\/2566","targetHints":{"allow":["GET"]}}],"collection":[{"href":"http:\/\/www.apartments-villach.at\/it\/wp-json\/wp\/v2\/pages"}],"about":[{"href":"http:\/\/www.apartments-villach.at\/it\/wp-json\/wp\/v2\/types\/page"}],"author":[{"embeddable":true,"href":"http:\/\/www.apartments-villach.at\/it\/wp-json\/wp\/v2\/users\/1"}],"replies":[{"embeddable":true,"href":"http:\/\/www.apartments-villach.at\/it\/wp-json\/wp\/v2\/comments?post=2566"}],"version-history":[{"count":6,"href":"http:\/\/www.apartments-villach.at\/it\/wp-json\/wp\/v2\/pages\/2566\/revisions"}],"predecessor-version":[{"id":3012,"href":"http:\/\/www.apartments-villach.at\/it\/wp-json\/wp\/v2\/pages\/2566\/revisions\/3012"}],"wp:attachment":[{"href":"http:\/\/www.apartments-villach.at\/it\/wp-json\/wp\/v2\/media?parent=2566"}],"curies":[{"name":"wp","href":"https:\/\/api.w.org\/{rel}","templated":true}]}}